{"id":46,"date":"2015-01-24T08:41:46","date_gmt":"2015-01-24T08:41:46","guid":{"rendered":"http:\/\/harmoniedelacite.com\/wp\/?page_id=46"},"modified":"2021-03-04T06:26:30","modified_gmt":"2021-03-04T11:26:30","slug":"evelyne-ridyard","status":"publish","type":"page","link":"https:\/\/harmoniedelacite.com\/wp\/evelyne-ridyard\/","title":{"rendered":"\u00c9velyne Ridyard"},"content":{"rendered":"<h1>\u00c9VELYNE RIDYARD<\/h1>\n<h6>Harmonie interm\u00e9diaire<br \/>\n2014 \u00e0 2018<\/h6>\n<div>\n<div id=\"left\">\n  <\/div>\n<div id=\"right\">\n  <\/div>\n<\/div>\n<p style=\"text-align: justify;\"><img loading=\"lazy\" class=\" size-full wp-image-153 alignleft\" src=\"http:\/\/harmoniedelacite.com\/wp\/wp-content\/uploads\/2015\/01\/E\u2560\u00fcvelyne-Ridyard.png\" alt=\"E\u2560\u00fcvelyne Ridyard\" width=\"345\" height=\"484\" srcset=\"https:\/\/harmoniedelacite.com\/wp\/wp-content\/uploads\/2015\/01\/E\u2560\u00fcvelyne-Ridyard.png 345w, https:\/\/harmoniedelacite.com\/wp\/wp-content\/uploads\/2015\/01\/E\u2560\u00fcvelyne-Ridyard-214x300.png 214w\" sizes=\"(max-width: 345px) 100vw, 345px\" \/>\u00c9velyne Ridyard commence la musique d\u00e8s l\u2019\u00e2ge de quatre ans. Elle s\u2019initie d\u2019abord au piano, puis s\u2019inscrit en clarinette dans l\u2019harmonie de son \u00e9cole primaire avant de se r\u00e9orienter vers la percussion \u00e0 l\u2019\u00e2ge de dix ans.<\/p>\n<p style=\"text-align: justify;\">D\u00e8s sa premi\u00e8re ann\u00e9e au secondaire, elle est admise dans l\u2019Harmonie avanc\u00e9e de l\u2019\u00c9cole secondaire de la Cit\u00e9-des-Jeunes sous la direction musicale de Marc-Andr\u00e9 Thibault. Elle y restera de 2002 \u00e0 2009, effectuant deux tourn\u00e9es de concerts, la premi\u00e8re en 2005, en France et en Espagne, la deuxi\u00e8me en 2009, en France. Elle forme le quatuor de percussions 3 laits 1 sucre avec ses coll\u00e8gues de l\u2019Harmonie durant l\u2019\u00e9t\u00e9 2005 et se joint \u00e0 l\u2019Orchestre \u00e0 vents de musique de films (OVMF) en mars 2006.<\/p>\n<p style=\"text-align: justify;\">En 2007, \u00c9velyne entreprend ses \u00e9tudes coll\u00e9giales au C\u00e9gep de St-Laurent en percussions classiques avec le professeur Jean-Guy Plante. En 2012, elle compl\u00e8te son Baccalaur\u00e9at en percussions classiques \u00e0 l\u2019Universit\u00e9 de Montr\u00e9al avec Julien Gr\u00e9goire. Elle poursuit ses \u00e9tudes avec Jean-Guy Plante et obtient en 2014 un dipl\u00f4me de Ma\u00eetrise du Conservatoire de musique de Montr\u00e9al en percussions classiques.<\/p>\n<p style=\"text-align: justify;\">\u00c9velyne donne des cours de percussions en priv\u00e9 au Coll\u00e8ge de Montr\u00e9al depuis septembre 2012, au Coll\u00e8ge R\u00e9gina Assumpta depuis janvier 2014 ainsi qu\u2019\u00e0 l\u2019\u00c9cole secondaire de la Cit\u00e9-des-Jeunes depuis septembre 2014. Elle enseigne p\u00e9riodiquement au Coll\u00e8ge Beaubois, notamment durant leur camp estival. Elle est musicienne pigiste dans plusieurs ensembles dont le Ch\u0153ur de l\u2019Art Neuf, l\u2019Orchestre symphonique de Drummondville et l\u2019Orchestre M\u00e9tropolitain.<\/p>\n<p style=\"text-align: justify;\">De 2014 \u00e0 2018, \u00c9velyne Ridyard a \u00e9t\u00e9 directrice musicale de l\u2019Harmonie interm\u00e9diaire de l\u2019\u00c9cole secondaire de la Cit\u00e9-des-Jeunes.<\/p>\n","protected":false},"excerpt":{"rendered":"<p>\u00c9VELYNE RIDYARD Harmonie interm\u00e9diaire 2014 \u00e0 2018 \u00c9velyne Ridyard commence la musique d\u00e8s l\u2019\u00e2ge de quatre ans. Elle s\u2019initie d\u2019abord au piano, puis s\u2019inscrit en clarinette dans l\u2019harmonie de son \u00e9cole primaire avant de se r\u00e9orienter vers la percussion \u00e0 l\u2019\u00e2ge de dix ans. D\u00e8s sa premi\u00e8re ann\u00e9e au secondaire, elle est admise dans l\u2019Harmonie<\/p>\n<p><a href=\"https:\/\/harmoniedelacite.com\/wp\/evelyne-ridyard\/\" class=\"more-link themebutton\">Read More<\/a><\/p>\n","protected":false},"author":1,"featured_media":0,"parent":0,"menu_order":0,"comment_status":"closed","ping_status":"open","template":"","meta":[],"yoast_head":"<!-- This site is optimized with the Yoast SEO plugin v17.7 - https:\/\/yoast.com\/wordpress\/plugins\/seo\/ -->\n<title>Directeurs - \u00c9velyne Ridyard<\/title>\n<meta name=\"description\" content=\"Harmonie Cit\u00e9 \u00c9velyne Ridyard\" \/>\n<meta name=\"robots\" content=\"index, follow, max-snippet:-1, max-image-preview:large, max-video-preview:-1\" \/>\n<link rel=\"canonical\" href=\"http:\/\/harmoniedelacite.com\/wp\/evelyne-ridyard\/\" \/>\n<meta property=\"og:locale\" content=\"fr_FR\" \/>\n<meta property=\"og:type\" content=\"article\" \/>\n<meta property=\"og:title\" content=\"Directeurs - \u00c9velyne Ridyard\" \/>\n<meta property=\"og:description\" content=\"Harmonie Cit\u00e9 \u00c9velyne Ridyard\" \/>\n<meta property=\"og:url\" content=\"http:\/\/harmoniedelacite.com\/wp\/evelyne-ridyard\/\" \/>\n<meta property=\"og:site_name\" content=\"Harmine de la Cit\u00e9 des jeunes\" \/>\n<meta property=\"article:modified_time\" content=\"2021-03-04T11:26:30+00:00\" \/>\n<meta property=\"og:image\" content=\"http:\/\/harmoniedelacite.com\/wp\/wp-content\/uploads\/2015\/01\/E\u2560\u00fcvelyne-Ridyard.png\" \/>\n<meta name=\"twitter:label1\" content=\"Dur\u00e9e de lecture estim\u00e9e\" \/>\n\t<meta name=\"twitter:data1\" content=\"1 minute\" \/>\n<script type=\"application\/ld+json\" class=\"yoast-schema-graph\">{\"@context\":\"https:\/\/schema.org\",\"@graph\":[{\"@type\":\"WebSite\",\"@id\":\"http:\/\/harmoniedelacite.com\/wp\/#website\",\"url\":\"http:\/\/harmoniedelacite.com\/wp\/\",\"name\":\"Harmine de la Cit\\u00e9 des jeunes\",\"description\":\"\",\"potentialAction\":[{\"@type\":\"SearchAction\",\"target\":{\"@type\":\"EntryPoint\",\"urlTemplate\":\"http:\/\/harmoniedelacite.com\/wp\/?s={search_term_string}\"},\"query-input\":\"required name=search_term_string\"}],\"inLanguage\":\"fr-FR\"},{\"@type\":\"ImageObject\",\"@id\":\"http:\/\/harmoniedelacite.com\/wp\/evelyne-ridyard\/#primaryimage\",\"inLanguage\":\"fr-FR\",\"url\":\"http:\/\/harmoniedelacite.com\/wp\/wp-content\/uploads\/2015\/01\/E\\u2560\\u00fcvelyne-Ridyard.png\",\"contentUrl\":\"http:\/\/harmoniedelacite.com\/wp\/wp-content\/uploads\/2015\/01\/E\\u2560\\u00fcvelyne-Ridyard.png\"},{\"@type\":\"WebPage\",\"@id\":\"http:\/\/harmoniedelacite.com\/wp\/evelyne-ridyard\/#webpage\",\"url\":\"http:\/\/harmoniedelacite.com\/wp\/evelyne-ridyard\/\",\"name\":\"Directeurs - \\u00c9velyne Ridyard\",\"isPartOf\":{\"@id\":\"http:\/\/harmoniedelacite.com\/wp\/#website\"},\"primaryImageOfPage\":{\"@id\":\"http:\/\/harmoniedelacite.com\/wp\/evelyne-ridyard\/#primaryimage\"},\"datePublished\":\"2015-01-24T08:41:46+00:00\",\"dateModified\":\"2021-03-04T11:26:30+00:00\",\"description\":\"Harmonie Cit\\u00e9 \\u00c9velyne Ridyard\",\"breadcrumb\":{\"@id\":\"http:\/\/harmoniedelacite.com\/wp\/evelyne-ridyard\/#breadcrumb\"},\"inLanguage\":\"fr-FR\",\"potentialAction\":[{\"@type\":\"ReadAction\",\"target\":[\"http:\/\/harmoniedelacite.com\/wp\/evelyne-ridyard\/\"]}]},{\"@type\":\"BreadcrumbList\",\"@id\":\"http:\/\/harmoniedelacite.com\/wp\/evelyne-ridyard\/#breadcrumb\",\"itemListElement\":[{\"@type\":\"ListItem\",\"position\":1,\"name\":\"Accueil\",\"item\":\"http:\/\/harmoniedelacite.com\/wp\/\"},{\"@type\":\"ListItem\",\"position\":2,\"name\":\"\\u00c9velyne Ridyard\"}]}]}<\/script>\n<!-- \/ Yoast SEO plugin. -->","yoast_head_json":{"title":"Directeurs - \u00c9velyne Ridyard","description":"Harmonie Cit\u00e9 \u00c9velyne Ridyard","robots":{"index":"index","follow":"follow","max-snippet":"max-snippet:-1","max-image-preview":"max-image-preview:large","max-video-preview":"max-video-preview:-1"},"canonical":"http:\/\/harmoniedelacite.com\/wp\/evelyne-ridyard\/","og_locale":"fr_FR","og_type":"article","og_title":"Directeurs - \u00c9velyne Ridyard","og_description":"Harmonie Cit\u00e9 \u00c9velyne Ridyard","og_url":"http:\/\/harmoniedelacite.com\/wp\/evelyne-ridyard\/","og_site_name":"Harmine de la Cit\u00e9 des jeunes","article_modified_time":"2021-03-04T11:26:30+00:00","og_image":[{"url":"http:\/\/harmoniedelacite.com\/wp\/wp-content\/uploads\/2015\/01\/E\u2560\u00fcvelyne-Ridyard.png"}],"twitter_misc":{"Dur\u00e9e de lecture estim\u00e9e":"1 minute"},"schema":{"@context":"https:\/\/schema.org","@graph":[{"@type":"WebSite","@id":"http:\/\/harmoniedelacite.com\/wp\/#website","url":"http:\/\/harmoniedelacite.com\/wp\/","name":"Harmine de la Cit\u00e9 des jeunes","description":"","potentialAction":[{"@type":"SearchAction","target":{"@type":"EntryPoint","urlTemplate":"http:\/\/harmoniedelacite.com\/wp\/?s={search_term_string}"},"query-input":"required name=search_term_string"}],"inLanguage":"fr-FR"},{"@type":"ImageObject","@id":"http:\/\/harmoniedelacite.com\/wp\/evelyne-ridyard\/#primaryimage","inLanguage":"fr-FR","url":"http:\/\/harmoniedelacite.com\/wp\/wp-content\/uploads\/2015\/01\/E\u2560\u00fcvelyne-Ridyard.png","contentUrl":"http:\/\/harmoniedelacite.com\/wp\/wp-content\/uploads\/2015\/01\/E\u2560\u00fcvelyne-Ridyard.png"},{"@type":"WebPage","@id":"http:\/\/harmoniedelacite.com\/wp\/evelyne-ridyard\/#webpage","url":"http:\/\/harmoniedelacite.com\/wp\/evelyne-ridyard\/","name":"Directeurs - \u00c9velyne Ridyard","isPartOf":{"@id":"http:\/\/harmoniedelacite.com\/wp\/#website"},"primaryImageOfPage":{"@id":"http:\/\/harmoniedelacite.com\/wp\/evelyne-ridyard\/#primaryimage"},"datePublished":"2015-01-24T08:41:46+00:00","dateModified":"2021-03-04T11:26:30+00:00","description":"Harmonie Cit\u00e9 \u00c9velyne Ridyard","breadcrumb":{"@id":"http:\/\/harmoniedelacite.com\/wp\/evelyne-ridyard\/#breadcrumb"},"inLanguage":"fr-FR","potentialAction":[{"@type":"ReadAction","target":["http:\/\/harmoniedelacite.com\/wp\/evelyne-ridyard\/"]}]},{"@type":"BreadcrumbList","@id":"http:\/\/harmoniedelacite.com\/wp\/evelyne-ridyard\/#breadcrumb","itemListElement":[{"@type":"ListItem","position":1,"name":"Accueil","item":"http:\/\/harmoniedelacite.com\/wp\/"},{"@type":"ListItem","position":2,"name":"\u00c9velyne Ridyard"}]}]}},"_links":{"self":[{"href":"https:\/\/harmoniedelacite.com\/wp\/wp-json\/wp\/v2\/pages\/46"}],"collection":[{"href":"https:\/\/harmoniedelacite.com\/wp\/wp-json\/wp\/v2\/pages"}],"about":[{"href":"https:\/\/harmoniedelacite.com\/wp\/wp-json\/wp\/v2\/types\/page"}],"author":[{"embeddable":true,"href":"https:\/\/harmoniedelacite.com\/wp\/wp-json\/wp\/v2\/users\/1"}],"replies":[{"embeddable":true,"href":"https:\/\/harmoniedelacite.com\/wp\/wp-json\/wp\/v2\/comments?post=46"}],"version-history":[{"count":16,"href":"https:\/\/harmoniedelacite.com\/wp\/wp-json\/wp\/v2\/pages\/46\/revisions"}],"predecessor-version":[{"id":1332,"href":"https:\/\/harmoniedelacite.com\/wp\/wp-json\/wp\/v2\/pages\/46\/revisions\/1332"}],"wp:attachment":[{"href":"https:\/\/harmoniedelacite.com\/wp\/wp-json\/wp\/v2\/media?parent=46"}],"curies":[{"name":"wp","href":"https:\/\/api.w.org\/{rel}","templated":true}]}}