{"id":163,"date":"2015-02-04T20:19:48","date_gmt":"2015-02-04T20:19:48","guid":{"rendered":"http:\/\/harmoniedelacite.com\/wp\/?page_id=163"},"modified":"2021-03-04T06:25:35","modified_gmt":"2021-03-04T11:25:35","slug":"mathieu-bourget","status":"publish","type":"page","link":"http:\/\/harmoniedelacite.com\/wp\/mathieu-bourget\/","title":{"rendered":"Matthieu Bourget"},"content":{"rendered":"<h1>MATTHIEU BOURGET<\/h1>\n<h6>Harmonie d\u00e9butante<br \/>\n2014 \u00e0 2016<\/h6>\n<div>\n<div id=\"left\">\n  <\/div>\n<div id=\"right\">\n  <\/div>\n<\/div>\n<p style=\"text-align: justify;\"><img loading=\"lazy\" class=\" size-full wp-image-157 alignleft\" src=\"http:\/\/harmoniedelacite.com\/wp\/wp-content\/uploads\/2015\/01\/Matthieu-Bourget.png\" alt=\"Matthieu Bourget\" width=\"345\" height=\"484\" srcset=\"http:\/\/harmoniedelacite.com\/wp\/wp-content\/uploads\/2015\/01\/Matthieu-Bourget.png 345w, http:\/\/harmoniedelacite.com\/wp\/wp-content\/uploads\/2015\/01\/Matthieu-Bourget-214x300.png 214w\" sizes=\"(max-width: 345px) 100vw, 345px\" \/>N\u00e9 \u00e0 Montr\u00e9al en 1989, Matthieu Bourget baigne dans la musique depuis son plus jeune \u00e2ge. Tr\u00e8s t\u00f4t, il s&rsquo;initie au piano et \u00e0 la batterie pour ensuite commencer l\u2019apprentissage du trombone basse. Il d\u00e9veloppe rapidement une passion pour cet instrument et d\u00e9cide de poursuivre ses \u00e9tudes en musique au C\u00e9gep Saint-Laurent. Il approfondit sa ma\u00eetrise du trombone basse au Baccalaur\u00e9at \u00e0 l\u2019Universit\u00e9 McGill o\u00f9 il est retenu comme boursier en interpr\u00e9tation de la musique classique. Il obtient son dipl\u00f4me avec la mention \u00abOutstanding achievement in performance\u00bb\u00a0 au printemps 2011. Matthieu \u00e9tudie maintenant au Conservatoire de musique de Montr\u00e9al en vue d&rsquo;obtenir sa Ma\u00eetrise en musique \u00abprofil interpr\u00e9tation\u00bb sous la direction de Patrice Richer.<\/p>\n<p style=\"text-align: justify;\">Parall\u00e8lement \u00e0 ses \u00e9tudes, Matthieu a particip\u00e9 \u00e0 plusieurs projets en tant qu&rsquo;interpr\u00e8te. Il a notamment jou\u00e9 pour l\u2019Orchestre de la Francophonie, le Montreal All City Big Band ainsi que dans divers ensembles de chambre (quintettes de cuivres, quatuors de trombones et ensembles baroques). Ces ensembles lui ont permis de performer dans des \u00e9v\u00e9nements comme le Festival International de Jazz de Montr\u00e9al\u00a0 ainsi qu&rsquo;au\u00a0Festival de la Francophonie d\u2019Ottawa. Depuis 2012, il est membre permanent de la formation Oktopus, un octuor montr\u00e9alais se sp\u00e9cialisant dans le r\u00e9pertoire musical de l&rsquo;Europe de l&rsquo;Est.<\/p>\n<p style=\"text-align: justify;\">Matthieu enseigne \u00e9galement le trombone et donne des cours de section de cuivres dans plusieurs \u00e9coles secondaires de Montr\u00e9al ainsi qu&rsquo;en priv\u00e9. De plus, il a \u00e9t\u00e9\u00a0directeur musical de l\u2019<em>Harmonie D\u00e9butante<\/em> \u00e0 l\u2019\u00e9cole secondaire Cit\u00e9-des-Jeunes de 2014 \u00e0 2016 et donne aussi des cours priv\u00e9s de trombone aux musiciens de la <em>concentration musique.<\/em><\/p>\n<p>&nbsp;<\/p>\n","protected":false},"excerpt":{"rendered":"<p>MATTHIEU BOURGET Harmonie d\u00e9butante 2014 \u00e0 2016 N\u00e9 \u00e0 Montr\u00e9al en 1989, Matthieu Bourget baigne dans la musique depuis son plus jeune \u00e2ge. Tr\u00e8s t\u00f4t, il s&rsquo;initie au piano et \u00e0 la batterie pour ensuite commencer l\u2019apprentissage du trombone basse. Il d\u00e9veloppe rapidement une passion pour cet instrument et d\u00e9cide de poursuivre ses \u00e9tudes en<\/p>\n<p><a href=\"http:\/\/harmoniedelacite.com\/wp\/mathieu-bourget\/\" class=\"more-link themebutton\">Read More<\/a><\/p>\n","protected":false},"author":1,"featured_media":0,"parent":0,"menu_order":0,"comment_status":"closed","ping_status":"closed","template":"","meta":[],"yoast_head":"<!-- This site is optimized with the Yoast SEO plugin v17.7 - https:\/\/yoast.com\/wordpress\/plugins\/seo\/ -->\n<title>Directeurs - Matthieu Bouget<\/title>\n<meta name=\"description\" content=\"Harmonie Cit\u00e9 Matthieu Bourget\" \/>\n<meta name=\"robots\" content=\"index, follow, max-snippet:-1, max-image-preview:large, max-video-preview:-1\" \/>\n<link rel=\"canonical\" href=\"http:\/\/harmoniedelacite.com\/wp\/mathieu-bourget\/\" \/>\n<meta property=\"og:locale\" content=\"fr_FR\" \/>\n<meta property=\"og:type\" content=\"article\" \/>\n<meta property=\"og:title\" content=\"Directeurs - Matthieu Bouget\" \/>\n<meta property=\"og:description\" content=\"Harmonie Cit\u00e9 Matthieu Bourget\" \/>\n<meta property=\"og:url\" content=\"http:\/\/harmoniedelacite.com\/wp\/mathieu-bourget\/\" \/>\n<meta property=\"og:site_name\" content=\"Harmine de la Cit\u00e9 des jeunes\" \/>\n<meta property=\"article:modified_time\" content=\"2021-03-04T11:25:35+00:00\" \/>\n<meta property=\"og:image\" content=\"http:\/\/harmoniedelacite.com\/wp\/wp-content\/uploads\/2015\/01\/Matthieu-Bourget.png\" \/>\n<meta name=\"twitter:label1\" content=\"Dur\u00e9e de lecture estim\u00e9e\" \/>\n\t<meta name=\"twitter:data1\" content=\"1 minute\" \/>\n<script type=\"application\/ld+json\" class=\"yoast-schema-graph\">{\"@context\":\"https:\/\/schema.org\",\"@graph\":[{\"@type\":\"WebSite\",\"@id\":\"http:\/\/harmoniedelacite.com\/wp\/#website\",\"url\":\"http:\/\/harmoniedelacite.com\/wp\/\",\"name\":\"Harmine de la Cit\\u00e9 des jeunes\",\"description\":\"\",\"potentialAction\":[{\"@type\":\"SearchAction\",\"target\":{\"@type\":\"EntryPoint\",\"urlTemplate\":\"http:\/\/harmoniedelacite.com\/wp\/?s={search_term_string}\"},\"query-input\":\"required name=search_term_string\"}],\"inLanguage\":\"fr-FR\"},{\"@type\":\"ImageObject\",\"@id\":\"http:\/\/harmoniedelacite.com\/wp\/mathieu-bourget\/#primaryimage\",\"inLanguage\":\"fr-FR\",\"url\":\"http:\/\/harmoniedelacite.com\/wp\/wp-content\/uploads\/2015\/01\/Matthieu-Bourget.png\",\"contentUrl\":\"http:\/\/harmoniedelacite.com\/wp\/wp-content\/uploads\/2015\/01\/Matthieu-Bourget.png\",\"width\":345,\"height\":484},{\"@type\":\"WebPage\",\"@id\":\"http:\/\/harmoniedelacite.com\/wp\/mathieu-bourget\/#webpage\",\"url\":\"http:\/\/harmoniedelacite.com\/wp\/mathieu-bourget\/\",\"name\":\"Directeurs - Matthieu Bouget\",\"isPartOf\":{\"@id\":\"http:\/\/harmoniedelacite.com\/wp\/#website\"},\"primaryImageOfPage\":{\"@id\":\"http:\/\/harmoniedelacite.com\/wp\/mathieu-bourget\/#primaryimage\"},\"datePublished\":\"2015-02-04T20:19:48+00:00\",\"dateModified\":\"2021-03-04T11:25:35+00:00\",\"description\":\"Harmonie Cit\\u00e9 Matthieu Bourget\",\"breadcrumb\":{\"@id\":\"http:\/\/harmoniedelacite.com\/wp\/mathieu-bourget\/#breadcrumb\"},\"inLanguage\":\"fr-FR\",\"potentialAction\":[{\"@type\":\"ReadAction\",\"target\":[\"http:\/\/harmoniedelacite.com\/wp\/mathieu-bourget\/\"]}]},{\"@type\":\"BreadcrumbList\",\"@id\":\"http:\/\/harmoniedelacite.com\/wp\/mathieu-bourget\/#breadcrumb\",\"itemListElement\":[{\"@type\":\"ListItem\",\"position\":1,\"name\":\"Accueil\",\"item\":\"http:\/\/harmoniedelacite.com\/wp\/\"},{\"@type\":\"ListItem\",\"position\":2,\"name\":\"Matthieu Bourget\"}]}]}<\/script>\n<!-- \/ Yoast SEO plugin. -->","yoast_head_json":{"title":"Directeurs - Matthieu Bouget","description":"Harmonie Cit\u00e9 Matthieu Bourget","robots":{"index":"index","follow":"follow","max-snippet":"max-snippet:-1","max-image-preview":"max-image-preview:large","max-video-preview":"max-video-preview:-1"},"canonical":"http:\/\/harmoniedelacite.com\/wp\/mathieu-bourget\/","og_locale":"fr_FR","og_type":"article","og_title":"Directeurs - Matthieu Bouget","og_description":"Harmonie Cit\u00e9 Matthieu Bourget","og_url":"http:\/\/harmoniedelacite.com\/wp\/mathieu-bourget\/","og_site_name":"Harmine de la Cit\u00e9 des jeunes","article_modified_time":"2021-03-04T11:25:35+00:00","og_image":[{"url":"http:\/\/harmoniedelacite.com\/wp\/wp-content\/uploads\/2015\/01\/Matthieu-Bourget.png"}],"twitter_misc":{"Dur\u00e9e de lecture estim\u00e9e":"1 minute"},"schema":{"@context":"https:\/\/schema.org","@graph":[{"@type":"WebSite","@id":"http:\/\/harmoniedelacite.com\/wp\/#website","url":"http:\/\/harmoniedelacite.com\/wp\/","name":"Harmine de la Cit\u00e9 des jeunes","description":"","potentialAction":[{"@type":"SearchAction","target":{"@type":"EntryPoint","urlTemplate":"http:\/\/harmoniedelacite.com\/wp\/?s={search_term_string}"},"query-input":"required name=search_term_string"}],"inLanguage":"fr-FR"},{"@type":"ImageObject","@id":"http:\/\/harmoniedelacite.com\/wp\/mathieu-bourget\/#primaryimage","inLanguage":"fr-FR","url":"http:\/\/harmoniedelacite.com\/wp\/wp-content\/uploads\/2015\/01\/Matthieu-Bourget.png","contentUrl":"http:\/\/harmoniedelacite.com\/wp\/wp-content\/uploads\/2015\/01\/Matthieu-Bourget.png","width":345,"height":484},{"@type":"WebPage","@id":"http:\/\/harmoniedelacite.com\/wp\/mathieu-bourget\/#webpage","url":"http:\/\/harmoniedelacite.com\/wp\/mathieu-bourget\/","name":"Directeurs - Matthieu Bouget","isPartOf":{"@id":"http:\/\/harmoniedelacite.com\/wp\/#website"},"primaryImageOfPage":{"@id":"http:\/\/harmoniedelacite.com\/wp\/mathieu-bourget\/#primaryimage"},"datePublished":"2015-02-04T20:19:48+00:00","dateModified":"2021-03-04T11:25:35+00:00","description":"Harmonie Cit\u00e9 Matthieu Bourget","breadcrumb":{"@id":"http:\/\/harmoniedelacite.com\/wp\/mathieu-bourget\/#breadcrumb"},"inLanguage":"fr-FR","potentialAction":[{"@type":"ReadAction","target":["http:\/\/harmoniedelacite.com\/wp\/mathieu-bourget\/"]}]},{"@type":"BreadcrumbList","@id":"http:\/\/harmoniedelacite.com\/wp\/mathieu-bourget\/#breadcrumb","itemListElement":[{"@type":"ListItem","position":1,"name":"Accueil","item":"http:\/\/harmoniedelacite.com\/wp\/"},{"@type":"ListItem","position":2,"name":"Matthieu Bourget"}]}]}},"_links":{"self":[{"href":"http:\/\/harmoniedelacite.com\/wp\/wp-json\/wp\/v2\/pages\/163"}],"collection":[{"href":"http:\/\/harmoniedelacite.com\/wp\/wp-json\/wp\/v2\/pages"}],"about":[{"href":"http:\/\/harmoniedelacite.com\/wp\/wp-json\/wp\/v2\/types\/page"}],"author":[{"embeddable":true,"href":"http:\/\/harmoniedelacite.com\/wp\/wp-json\/wp\/v2\/users\/1"}],"replies":[{"embeddable":true,"href":"http:\/\/harmoniedelacite.com\/wp\/wp-json\/wp\/v2\/comments?post=163"}],"version-history":[{"count":9,"href":"http:\/\/harmoniedelacite.com\/wp\/wp-json\/wp\/v2\/pages\/163\/revisions"}],"predecessor-version":[{"id":1328,"href":"http:\/\/harmoniedelacite.com\/wp\/wp-json\/wp\/v2\/pages\/163\/revisions\/1328"}],"wp:attachment":[{"href":"http:\/\/harmoniedelacite.com\/wp\/wp-json\/wp\/v2\/media?parent=163"}],"curies":[{"name":"wp","href":"https:\/\/api.w.org\/{rel}","templated":true}]}}